{"id":1125,"date":"2017-11-15T10:14:37","date_gmt":"2017-11-15T10:14:37","guid":{"rendered":"http:\/\/assessorialaselva.com\/?page_id=1125"},"modified":"2021-11-26T19:45:38","modified_gmt":"2021-11-26T17:45:38","slug":"asasesoramiento-laboral-y-rrhh","status":"publish","type":"page","link":"https:\/\/assessorialaselva.com\/es\/asasesoramiento-laboral-y-rrhh\/","title":{"rendered":"ASESORAMIENTO LABORAL Y RRHH"},"content":{"rendered":"<div id=\"pl-1125\"  class=\"panel-layout\" ><div id=\"pg-1125-0\"  class=\"panel-grid panel-has-style\" ><div class=\"siteorigin-panels-stretch panel-row-style panel-row-style-for-1125-0\" style=\"padding: 0px 0; \" data-stretch-type=\"full-stretched\" data-overlay=\"true\" data-overlay-color=\"#000000\" ><div id=\"pgc-1125-0-0\"  class=\"panel-grid-cell\" ><div id=\"panel-1125-0-0-0\" class=\"so-panel widget widget_sow-image panel-first-child panel-last-child\" data-index=\"0\" ><div style=\"text-align: left;\" data-title-color=\"#443f3f\" data-headings-color=\"#443f3f\" class=\"panel-widget-style panel-widget-style-for-1125-0-0-0\" ><div\n\t\t\t\n\t\t\tclass=\"so-widget-sow-image so-widget-sow-image-default-8b5b6f678277-1125\"\n\t\t\t\n\t\t>\n\n<div class=\"sow-image-container\">\n\t\t<img loading=\"lazy\" decoding=\"async\" src=\"https:\/\/assessorialaselva.com\/es\/wp-content\/uploads\/sites\/3\/2017\/11\/ASSESSORIA-LA-SELVA-RRHH-LABORAL.jpg\" width=\"960\" height=\"400\" srcset=\"https:\/\/assessorialaselva.com\/es\/wp-content\/uploads\/sites\/3\/2017\/11\/ASSESSORIA-LA-SELVA-RRHH-LABORAL.jpg 960w, https:\/\/assessorialaselva.com\/es\/wp-content\/uploads\/sites\/3\/2017\/11\/ASSESSORIA-LA-SELVA-RRHH-LABORAL-300x125.jpg 300w, https:\/\/assessorialaselva.com\/es\/wp-content\/uploads\/sites\/3\/2017\/11\/ASSESSORIA-LA-SELVA-RRHH-LABORAL-768x320.jpg 768w, https:\/\/assessorialaselva.com\/es\/wp-content\/uploads\/sites\/3\/2017\/11\/ASSESSORIA-LA-SELVA-RRHH-LABORAL-24x10.jpg 24w, https:\/\/assessorialaselva.com\/es\/wp-content\/uploads\/sites\/3\/2017\/11\/ASSESSORIA-LA-SELVA-RRHH-LABORAL-36x15.jpg 36w, https:\/\/assessorialaselva.com\/es\/wp-content\/uploads\/sites\/3\/2017\/11\/ASSESSORIA-LA-SELVA-RRHH-LABORAL-48x20.jpg 48w\" sizes=\"auto, (max-width: 960px) 100vw, 960px\" title=\"ASESORAMIENTO LABORAL Y RRHH\" alt=\"Nomina; rrhh; laboral; contrato trabajo; finiquito; despido; despido improcedente; gestor\u00eda laboral Lloret de mar; \" \t\tclass=\"so-widget-image\"\/>\n\t<\/div>\n\n<\/div><\/div><\/div><\/div><div id=\"pgc-1125-0-1\"  class=\"panel-grid-cell panel-grid-cell-mobile-last\" ><div id=\"panel-1125-0-1-0\" class=\"so-panel widget widget_sow-editor panel-first-child panel-last-child\" data-index=\"1\" ><div style=\"text-align: left;\" data-title-color=\"#443f3f\" data-headings-color=\"#443f3f\" class=\"panel-widget-style panel-widget-style-for-1125-0-1-0\" ><div\n\t\t\t\n\t\t\tclass=\"so-widget-sow-editor so-widget-sow-editor-base\"\n\t\t\t\n\t\t><h3 class=\"widget-title\">ASESORAMIENTO LABORAL Y RRHH<\/h3>\n<div class=\"siteorigin-widget-tinymce textwidget\">\n\t<p align=\"justify\">Toda empresa depende de sus trabajadores como los trabajadores de la empresa. Nuestro equipo pone todas las herramientas necesarias para forjar una relaci\u00f3n laboral ejemplar.<\/p>\n<\/div>\n<\/div><\/div><\/div><\/div><div id=\"pgc-1125-0-2\"  class=\"panel-grid-cell panel-grid-cell-empty\" ><\/div><\/div><\/div><div id=\"pg-1125-1\"  class=\"panel-grid panel-has-style\" ><div class=\"siteorigin-panels-stretch panel-row-style panel-row-style-for-1125-1\" style=\"padding: 0px 0; \" data-stretch-type=\"full-stretched\" data-overlay=\"true\" data-overlay-color=\"#000000\" ><div id=\"pgc-1125-1-0\"  class=\"panel-grid-cell panel-grid-cell-empty\" ><\/div><div id=\"pgc-1125-1-1\"  class=\"panel-grid-cell\" ><div id=\"panel-1125-1-1-0\" class=\"so-panel widget widget_sow-editor panel-first-child panel-last-child\" data-index=\"2\" ><div style=\"text-align: left;\" data-title-color=\"#443f3f\" data-headings-color=\"#443f3f\" class=\"panel-widget-style panel-widget-style-for-1125-1-1-0\" ><div\n\t\t\t\n\t\t\tclass=\"so-widget-sow-editor so-widget-sow-editor-base\"\n\t\t\t\n\t\t>\n<div class=\"siteorigin-widget-tinymce textwidget\">\n\t<p align=\"justify\">Con nosotros cubrir\u00e1 de una manera simple y c\u00f3moda cualquier aspecto relacionado con el \u00e1mbito laboral, adem\u00e1s estar\u00e1 siempre al d\u00eda de la normativa y obtendr\u00e1 una orientaci\u00f3n clara y precisa de lo que hay que mejorar en su empresa y de c\u00f3mo hacerlo.<\/p>\n<\/div>\n<\/div><\/div><\/div><\/div><div id=\"pgc-1125-1-2\"  class=\"panel-grid-cell\" ><div id=\"panel-1125-1-2-0\" class=\"so-panel widget widget_sow-image panel-first-child panel-last-child\" data-index=\"3\" ><div style=\"text-align: left;\" data-title-color=\"#443f3f\" data-headings-color=\"#443f3f\" class=\"panel-widget-style panel-widget-style-for-1125-1-2-0\" ><div\n\t\t\t\n\t\t\tclass=\"so-widget-sow-image so-widget-sow-image-default-8b5b6f678277-1125\"\n\t\t\t\n\t\t>\n\n<div class=\"sow-image-container\">\n\t\t<img loading=\"lazy\" decoding=\"async\" src=\"https:\/\/assessorialaselva.com\/es\/wp-content\/uploads\/sites\/3\/2017\/11\/ASSESSORIA-LA-SELVA-RRHH-LABORAL-2.jpg\" width=\"960\" height=\"400\" srcset=\"https:\/\/assessorialaselva.com\/es\/wp-content\/uploads\/sites\/3\/2017\/11\/ASSESSORIA-LA-SELVA-RRHH-LABORAL-2.jpg 960w, https:\/\/assessorialaselva.com\/es\/wp-content\/uploads\/sites\/3\/2017\/11\/ASSESSORIA-LA-SELVA-RRHH-LABORAL-2-300x125.jpg 300w, https:\/\/assessorialaselva.com\/es\/wp-content\/uploads\/sites\/3\/2017\/11\/ASSESSORIA-LA-SELVA-RRHH-LABORAL-2-768x320.jpg 768w, https:\/\/assessorialaselva.com\/es\/wp-content\/uploads\/sites\/3\/2017\/11\/ASSESSORIA-LA-SELVA-RRHH-LABORAL-2-24x10.jpg 24w, https:\/\/assessorialaselva.com\/es\/wp-content\/uploads\/sites\/3\/2017\/11\/ASSESSORIA-LA-SELVA-RRHH-LABORAL-2-36x15.jpg 36w, https:\/\/assessorialaselva.com\/es\/wp-content\/uploads\/sites\/3\/2017\/11\/ASSESSORIA-LA-SELVA-RRHH-LABORAL-2-48x20.jpg 48w\" sizes=\"auto, (max-width: 960px) 100vw, 960px\" title=\"ASESORAMIENTO LABORAL Y RRHH\" alt=\"Nomina; rrhh; laboral; contrato trabajo; finiquito; despido; despido improcedente; gestor\u00eda laboral Lloret de mar; alta trabajadores; lloret de mar; blanes; baja trabajadores; contrato de trabajo; prorroga; despido de trabajadores; asesoramiento laboral; abogados laboralistas;\" \t\tclass=\"so-widget-image\"\/>\n\t<\/div>\n\n<\/div><\/div><\/div><\/div><\/div><\/div><div id=\"pg-1125-2\"  class=\"panel-grid panel-has-style\" ><div class=\"siteorigin-panels-stretch panel-row-style panel-row-style-for-1125-2\" style=\"background-image: url(https:\/\/assessorialaselva.com\/es\/wp-content\/uploads\/sites\/3\/2015\/03\/7.jpg);padding: 75px 0; \" data-stretch-type=\"full-stretched\" data-hasbg=\"hasbg\" data-overlay=\"true\" data-overlay-color=\"#000000\" ><div id=\"pgc-1125-2-0\"  class=\"panel-grid-cell\" ><div id=\"panel-1125-2-0-0\" class=\"so-panel widget widget_sow-editor panel-first-child panel-last-child\" data-index=\"4\" ><div style=\"text-align: left;\" data-title-color=\"#443f3f\" data-headings-color=\"#443f3f\" class=\"panel-widget-style panel-widget-style-for-1125-2-0-0\" ><div\n\t\t\t\n\t\t\tclass=\"so-widget-sow-editor so-widget-sow-editor-base\"\n\t\t\t\n\t\t>\n<div class=\"siteorigin-widget-tinymce textwidget\">\n\t<h2 style=\"text-align: center;\"><span style=\"color: #ffffff;\">SERVICIOS LABORALES<\/span><\/h2>\n<\/div>\n<\/div><\/div><\/div><\/div><\/div><\/div><div id=\"pg-1125-3\"  class=\"panel-grid panel-has-style\" ><div class=\"siteorigin-panels-stretch panel-row-style panel-row-style-for-1125-3\" style=\"padding: 100px 0; \" data-stretch-type=\"full\" data-overlay=\"true\" data-overlay-color=\"#000000\" ><div id=\"pgc-1125-3-0\"  class=\"panel-grid-cell\" ><div id=\"panel-1125-3-0-0\" class=\"so-panel widget widget_sow-editor panel-first-child\" data-index=\"5\" ><div style=\"text-align: left;\" data-title-color=\"#443f3f\" data-headings-color=\"#443f3f\" class=\"panel-widget-style panel-widget-style-for-1125-3-0-0\" ><div\n\t\t\t\n\t\t\tclass=\"so-widget-sow-editor so-widget-sow-editor-base\"\n\t\t\t\n\t\t><h3 class=\"widget-title\">Empresarios<\/h3>\n<div class=\"siteorigin-widget-tinymce textwidget\">\n\t<span class=\"collapseomatic super_duper_trigclass\" id=\"id69ef85ee165eb\"  tabindex=\"0\" title=\"ASESORAMIENTO\"    >ASESORAMIENTO<\/span><div id=\"target-id69ef85ee165eb\" class=\"collapseomatic_content \"><\/p>\n<ul>\n<li>Asesoramiento en materia laboral y de Seguridad Social tanto para la creaci\u00f3n de una nueva empresa, como para reestructurarla o adaptarla a nuevas necesidades y \/ o a las exigencias de los cambios normativos.<\/li>\n<li>Asesoramiento para la capitalizaci\u00f3n del paro.<\/li>\n<li>Asesoramiento en contrataci\u00f3n laboral.<\/li>\n<li>Asesoramiento en gesti\u00f3n laboral.<\/li>\n<li>Asesoramiento por despidos, reestructuraciones y reorganizaciones empresariales.<\/li>\n<li>Asesoramiento en conflictos laborales.<\/li>\n<\/ul>\n<p><\/div>\n<\/div>\n<\/div><\/div><\/div><div id=\"panel-1125-3-0-1\" class=\"so-panel widget widget_sow-editor\" data-index=\"6\" ><div style=\"text-align: left;\" data-title-color=\"#443f3f\" data-headings-color=\"#443f3f\" class=\"panel-widget-style panel-widget-style-for-1125-3-0-1\" ><div\n\t\t\t\n\t\t\tclass=\"so-widget-sow-editor so-widget-sow-editor-base\"\n\t\t\t\n\t\t>\n<div class=\"siteorigin-widget-tinymce textwidget\">\n\t<span class=\"collapseomatic super_duper_trigclass\" id=\"id69ef85ee16796\"  tabindex=\"0\" title=\"CONTRATACI\u00d3N DE TRABAJADORES y GESTI\u00d3N DE N\u00d3MINAS\"    >CONTRATACI\u00d3N DE TRABAJADORES y GESTI\u00d3N DE N\u00d3MINAS<\/span><div id=\"target-id69ef85ee16796\" class=\"collapseomatic_content \"><\/p>\n<ul>\n<li>Confecci\u00f3n de contratos de trabajo, redacci\u00f3n de las cl\u00e1usulas, as\u00ed como la presentaci\u00f3n en la oficina de trabajo.<\/li>\n<li>C\u00e1lculos de despidos, suspensiones de contratos y expedientes de regulaci\u00f3n de empleo.<\/li>\n<li>Elaboraci\u00f3n de n\u00f3minas y liquidaciones mensuales (TC-1 y TC-2).<\/li>\n<li>Relaciones Laborales de Alta Direcci\u00f3n.<\/li>\n<li>Planificaci\u00f3n y prevenci\u00f3n de riesgos laborales.<\/li>\n<li>Reg\u00edmenes especiales: Aut\u00f3nomos, trabajadores del hogar, del sector agrario, artistas, etc.<\/li>\n<li>Inscripci\u00f3n en la Seguridad Social de empresas.<\/li>\n<li>Elaboraci\u00f3n y Presentaci\u00f3n de Impuestos (IRPF).<\/li>\n<li>Afiliaci\u00f3n: altas y bajas.<\/li>\n<li>N\u00f3mina de administrador social.<\/li>\n<li>Contingencias y situaciones protegidas.<\/li>\n<li><\/li>\n<li>Tramitaci\u00f3n de incapacidades.<\/li>\n<li>Reducci\u00f3n de jornada.<\/li>\n<li>Afiliaci\u00f3n de los trabajadores a la Seguridad Social.<\/li>\n<li>Control de los vencimientos.<\/li>\n<li>Trabajadores desplazados. Solicitud de informaci\u00f3n sobre la legislaci\u00f3n de Seguridad Social aplicable, entre otros.<\/li>\n<\/ul>\n<p><\/div>\n<\/div>\n<\/div><\/div><\/div><div id=\"panel-1125-3-0-2\" class=\"so-panel widget widget_sow-editor\" data-index=\"7\" ><div style=\"text-align: left;\" data-title-color=\"#443f3f\" data-headings-color=\"#443f3f\" class=\"panel-widget-style panel-widget-style-for-1125-3-0-2\" ><div\n\t\t\t\n\t\t\tclass=\"so-widget-sow-editor so-widget-sow-editor-base\"\n\t\t\t\n\t\t>\n<div class=\"siteorigin-widget-tinymce textwidget\">\n\t<span class=\"collapseomatic super_duper_trigclass\" id=\"id69ef85ee168f1\"  tabindex=\"0\" title=\"AFILIACI\u00d3N E INSCRIPCI\u00d3N (AUT\u00d3NOMOS y EMPRESARIOS)\"    >AFILIACI\u00d3N E INSCRIPCI\u00d3N (AUT\u00d3NOMOS y EMPRESARIOS)<\/span><div id=\"target-id69ef85ee168f1\" class=\"collapseomatic_content \"><\/p>\n<ul>\n<li>Alta \/ baja \/ modificaci\u00f3n en RETA (R\u00e9gimen Especial de Trabajadores Aut\u00f3nomos).<\/li>\n<li>Alta \/ baja \/ modificaci\u00f3n del empresario.<\/li>\n<li>Alta \/ baja \/ modificaci\u00f3n en el Sistema Especial para Empleados de Hogar.<\/li>\n<li>Alta \/ baja \/ modificaci\u00f3n en un convenios especiales.<\/li>\n<li>Cambio de base de cotizaci\u00f3n - aut\u00f3nomos.<\/li>\n<li>Comunicaci\u00f3n del tel\u00e9fono y la direcci\u00f3n electr\u00f3nica del empresario.<\/li>\n<li>Estad\u00edsticas de Afiliaci\u00f3n.<\/li>\n<li>Informe negativo de inscripci\u00f3n de empresario.<\/li>\n<li>Inscripci\u00f3n y asignaci\u00f3n de CCC para empresario colectivo \/ individual.<\/li>\n<li>Reinicio \/ modificaci\u00f3n de la actividad empresarial.<\/li>\n<li>Variaci\u00f3n de datos del C\u00f3digo de Cuenta de Cotizaci\u00f3n.<\/li>\n<\/ul>\n<p><\/div>\n<\/div>\n<\/div><\/div><\/div><div id=\"panel-1125-3-0-3\" class=\"so-panel widget widget_sow-editor\" data-index=\"8\" ><div style=\"text-align: left;\" data-title-color=\"#443f3f\" data-headings-color=\"#443f3f\" class=\"panel-widget-style panel-widget-style-for-1125-3-0-3\" ><div\n\t\t\t\n\t\t\tclass=\"so-widget-sow-editor so-widget-sow-editor-base\"\n\t\t\t\n\t\t>\n<div class=\"siteorigin-widget-tinymce textwidget\">\n\t<span class=\"collapseomatic super_duper_trigclass\" id=\"id69ef85ee16a3a\"  tabindex=\"0\" title=\"INFORMES Y CERTIFICADOS\"    >INFORMES Y CERTIFICADOS<\/span><div id=\"target-id69ef85ee16a3a\" class=\"collapseomatic_content \"><\/p>\n<ul>\n<li>Certificado de estar al corriente en las obligaciones de la Seguridad Social.<\/li>\n<li>Duplicaci\u00f3n de documentos de Inscripci\u00f3n y de Asignaci\u00f3n de CCC para empresario.<\/li>\n<li>Duplicado de resoluci\u00f3n alta \/ baja en R\u00e9gimen Especial de Trabajadores por cuenta propia o aut\u00f3nomos.<\/li>\n<li>Informe de estar al corriente de las obligaciones de la Seguridad Social.<\/li>\n<li>Informe de situaci\u00f3n de empresario individual.<\/li>\n<li>Informe negativo de inscripci\u00f3n de empresario.<\/li>\n<\/ul>\n<p><\/div>\n<\/div>\n<\/div><\/div><\/div><div id=\"panel-1125-3-0-4\" class=\"so-panel widget widget_sow-editor\" data-index=\"9\" ><div style=\"text-align: left;\" data-title-color=\"#443f3f\" data-headings-color=\"#443f3f\" class=\"panel-widget-style panel-widget-style-for-1125-3-0-4\" ><div\n\t\t\t\n\t\t\tclass=\"so-widget-sow-editor so-widget-sow-editor-base\"\n\t\t\t\n\t\t>\n<div class=\"siteorigin-widget-tinymce textwidget\">\n\t<span class=\"collapseomatic super_duper_trigclass\" id=\"id69ef85ee16b74\"  tabindex=\"0\" title=\"COMUNICACI\u00d3N Y VARIACI\u00d3N DE DATOS CONCURSALES\"    >COMUNICACI\u00d3N Y VARIACI\u00d3N DE DATOS CONCURSALES<\/span><div id=\"target-id69ef85ee16b74\" class=\"collapseomatic_content \"><\/p>\n<ul>\n<li>Comunicaci\u00f3n de declaraci\u00f3n de concurso a la TGSS.<\/li>\n<li>Comunicaci\u00f3n de nombramiento de mediador concursal y aceptaci\u00f3n del cargo.<\/li>\n<\/ul>\n<p><\/div>\n<\/div>\n<\/div><\/div><\/div><div id=\"panel-1125-3-0-5\" class=\"so-panel widget widget_sow-editor\" data-index=\"10\" ><div style=\"text-align: left;\" data-title-color=\"#443f3f\" data-headings-color=\"#443f3f\" class=\"panel-widget-style panel-widget-style-for-1125-3-0-5\" ><div\n\t\t\t\n\t\t\tclass=\"so-widget-sow-editor so-widget-sow-editor-base\"\n\t\t\t\n\t\t>\n<div class=\"siteorigin-widget-tinymce textwidget\">\n\t<span class=\"collapseomatic super_duper_trigclass\" id=\"id69ef85ee16cde\"  tabindex=\"0\" title=\"PENSIONES Y PRESTACIONES\"    >PENSIONES Y PRESTACIONES<\/span><div id=\"target-id69ef85ee16cde\" class=\"collapseomatic_content \"><\/p>\n<ul>\n<li>Asistencia sanitaria. Solicitud de reconocimiento del derecho.<\/li>\n<li>C\u00e1lculo de la pensi\u00f3n de jubilaci\u00f3n.<\/li>\n<li>Comunicaci\u00f3n de fallecimiento del perceptor de prestaci\u00f3n.<\/li>\n<li>Jubilaci\u00f3n: solicitud electr\u00f3nica de jubilaci\u00f3n nacional.<\/li>\n<li>Maternidad y paternidad.<\/li>\n<li>Muerte y supervivencia: Solicitud electr\u00f3nica de viudedad, orfandad y auxilio por defunci\u00f3n nacionales.<\/li>\n<li>Solicitud del certificado de prestaciones.<\/li>\n<li>Solicitud del Certificado Provisional Sustitutorio (CPS).<\/li>\n<li>Presentaci\u00f3n de otros escritos, solicitudes y comunicaciones.<\/li>\n<\/ul>\n<p><\/div>\n<\/div>\n<\/div><\/div><\/div><div id=\"panel-1125-3-0-6\" class=\"so-panel widget widget_sow-editor\" data-index=\"11\" ><div style=\"text-align: left;\" data-title-color=\"#443f3f\" data-headings-color=\"#443f3f\" class=\"panel-widget-style panel-widget-style-for-1125-3-0-6\" ><div\n\t\t\t\n\t\t\tclass=\"so-widget-sow-editor so-widget-sow-editor-base\"\n\t\t\t\n\t\t>\n<div class=\"siteorigin-widget-tinymce textwidget\">\n\t<span class=\"collapseomatic super_duper_trigclass\" id=\"id69ef85ee16dfa\"  tabindex=\"0\" title=\"EMPLEADOS DEL HOGAR\"    >EMPLEADOS DEL HOGAR<\/span><div id=\"target-id69ef85ee16dfa\" class=\"collapseomatic_content \"><\/p>\n<p>&nbsp;<\/p>\n<ul>\n<li>Solicitudes de alta, baja y variaci\u00f3n en el sistema especial de trabajadores del hogar.<\/li>\n<\/ul>\n<p><\/div>\n<\/div>\n<\/div><\/div><\/div><div id=\"panel-1125-3-0-7\" class=\"so-panel widget widget_sow-editor\" data-index=\"12\" ><div style=\"text-align: left;\" data-title-color=\"#443f3f\" data-headings-color=\"#443f3f\" class=\"panel-widget-style panel-widget-style-for-1125-3-0-7\" ><div\n\t\t\t\n\t\t\tclass=\"so-widget-sow-editor so-widget-sow-editor-base\"\n\t\t\t\n\t\t>\n<div class=\"siteorigin-widget-tinymce textwidget\">\n\t<span class=\"collapseomatic super_duper_trigclass\" id=\"id69ef85ee16f12\"  tabindex=\"0\" title=\"OTROS SERVICIOS\"    >OTROS SERVICIOS<\/span><div id=\"target-id69ef85ee16f12\" class=\"collapseomatic_content \"><\/p>\n<ul>\n<li>...<\/li>\n<\/ul>\n<p><\/div>\n<\/div>\n<\/div><\/div><\/div><div id=\"panel-1125-3-0-8\" class=\"so-panel widget widget_sow-editor\" data-index=\"13\" ><div style=\"text-align: left;\" data-title-color=\"#443f3f\" data-headings-color=\"#443f3f\" class=\"panel-widget-style panel-widget-style-for-1125-3-0-8\" ><div\n\t\t\t\n\t\t\tclass=\"so-widget-sow-editor so-widget-sow-editor-base\"\n\t\t\t\n\t\t><h3 class=\"widget-title\">Ciudadanos<\/h3>\n<div class=\"siteorigin-widget-tinymce textwidget\">\n\t<span class=\"collapseomatic super_duper_trigclass\" id=\"id69ef85ee17076\"  tabindex=\"0\" title=\"Informes y Certificados\"    >Informes y Certificados<\/span><div id=\"target-id69ef85ee17076\" class=\"collapseomatic_content \"><\/p>\n<ul>\n<li>Asistencia sanitaria: Consulta del derecho y emisi\u00f3n del documento acreditativo.<\/li>\n<li>Certificado Provisional Sustitutorio (CPS).<\/li>\n<li>Certificado de estar al corriente en las obligaciones de la Seguridad Social.<\/li>\n<li>Certificado de retenciones e ingresos a cuenta del IRPF.<\/li>\n<li>Certificado de revalorizaci\u00f3n de pensiones.<\/li>\n<li>Comunicaci\u00f3n de Vida Laboral y Bases de Cotizaci\u00f3n a los trabajadores.<\/li>\n<li>Informe de vida laboral.<\/li>\n<li>Informe negativo de afiliaci\u00f3n.<\/li>\n<\/ul>\n<p><\/div>\n<\/div>\n<\/div><\/div><\/div><div id=\"panel-1125-3-0-9\" class=\"so-panel widget widget_sow-editor\" data-index=\"14\" ><div style=\"text-align: left;\" data-title-color=\"#443f3f\" data-headings-color=\"#443f3f\" class=\"panel-widget-style panel-widget-style-for-1125-3-0-9\" ><div\n\t\t\t\n\t\t\tclass=\"so-widget-sow-editor so-widget-sow-editor-base\"\n\t\t\t\n\t\t>\n<div class=\"siteorigin-widget-tinymce textwidget\">\n\t<span class=\"collapseomatic super_duper_trigclass\" id=\"id69ef85ee171eb\"  tabindex=\"0\" title=\"Pensiones\"    >Pensiones<\/span><div id=\"target-id69ef85ee171eb\" class=\"collapseomatic_content \"><\/p>\n<ul>\n<li>C\u00e1lculo y simulaci\u00f3n de la jubilaci\u00f3n.<\/li>\n<li>Tramitaci\u00f3n de jubilaciones y prestaciones.<\/li>\n<li>Comunicaci\u00f3n de datos del c\u00f3nyuge de pensionistas.<\/li>\n<li>Comunicaci\u00f3n de fallecimiento de perceptor de prestaci\u00f3n.<\/li>\n<li>Comunicaci\u00f3n inicio \/ fin de la actividad laboral de pensionistas.<\/li>\n<li>Declaraci\u00f3n de ingresos a efectos del complemento por m\u00ednimos.<\/li>\n<li>Informe de importes resumen de las prestaciones recibidas.<\/li>\n<li>Jubilaci\u00f3n: solicitud electr\u00f3nica de jubilaci\u00f3n.<\/li>\n<li>Muerte y supervivencia: Solicitud electr\u00f3nica de viudedad, orfandad y auxilio por defunci\u00f3n.<\/li>\n<li>Prestaci\u00f3n a favor de familiares.<\/li>\n<li>Prestaci\u00f3n de incapacidad permanente.<\/li>\n<li>Solicitud de asignaci\u00f3n de coeficientes reductores.<\/li>\n<li>Solicitud de m\u00ednimos por cargas familiares y declaraci\u00f3n de ingresos.<\/li>\n<\/ul>\n<p><\/div>\n<\/div>\n<\/div><\/div><\/div><div id=\"panel-1125-3-0-10\" class=\"so-panel widget widget_sow-editor\" data-index=\"15\" ><div style=\"text-align: left;\" data-title-color=\"#443f3f\" data-headings-color=\"#443f3f\" class=\"panel-widget-style panel-widget-style-for-1125-3-0-10\" ><div\n\t\t\t\n\t\t\tclass=\"so-widget-sow-editor so-widget-sow-editor-base\"\n\t\t\t\n\t\t>\n<div class=\"siteorigin-widget-tinymce textwidget\">\n\t<span class=\"collapseomatic super_duper_trigclass\" id=\"id69ef85ee17331\"  tabindex=\"0\" title=\"Familia y asistencia Sanitaria\"    >Familia y asistencia Sanitaria<\/span><div id=\"target-id69ef85ee17331\" class=\"collapseomatic_content \"><\/p>\n<ul>\n<li>Declaraci\u00f3n de ingresos de pensionistas de orfandad.<\/li>\n<li>Declaraci\u00f3n personal de hijos a cargo del solicitante de la prestaci\u00f3n de incapacidad temporal.<\/li>\n<li>Maternidad y paternidad.<\/li>\n<li>Solicitud de m\u00ednimos por cargas familiares y declaraci\u00f3n de ingresos.<\/li>\n<li>Asistencia sanitaria. Sollicitud de reconocimiento del derecho.<\/li>\n<li>Certificado Provisional Sustitutorio (CPS).<\/li>\n<li>Tarjeta Sanitaria Europea (TSE).<\/li>\n<\/ul>\n<p><\/div>\n<\/div>\n<\/div><\/div><\/div><div id=\"panel-1125-3-0-11\" class=\"so-panel widget widget_sow-editor panel-last-child\" data-index=\"16\" ><div style=\"text-align: left;\" data-title-color=\"#443f3f\" data-headings-color=\"#443f3f\" class=\"panel-widget-style panel-widget-style-for-1125-3-0-11\" ><div\n\t\t\t\n\t\t\tclass=\"so-widget-sow-editor so-widget-sow-editor-base\"\n\t\t\t\n\t\t>\n<div class=\"siteorigin-widget-tinymce textwidget\">\n\t<span class=\"collapseomatic super_duper_trigclass\" id=\"id69ef85ee17469\"  tabindex=\"0\" title=\"Otros procedimientos\"    >Otros procedimientos<\/span><div id=\"target-id69ef85ee17469\" class=\"collapseomatic_content \"><\/p>\n<ul>\n<li>Prestaci\u00f3n de incapacidad permanente \/ temporal.<\/li>\n<li>Solicitud de alta de acreedor del sistema de Seguridad Social.<\/li>\n<\/ul>\n<p><\/div>\n<\/div>\n<\/div><\/div><\/div><\/div><div id=\"pgc-1125-3-1\"  class=\"panel-grid-cell\" ><div id=\"panel-1125-3-1-0\" class=\"so-panel widget widget_rss panel-first-child panel-last-child\" data-index=\"17\" ><div style=\"text-align: left;\" data-title-color=\"#443f3f\" data-headings-color=\"#443f3f\" class=\"panel-widget-style panel-widget-style-for-1125-3-1-0\" ><h3 class=\"widget-title\"><a class=\"rsswidget rss-widget-feed\" href=\"http:\/\/www.seg-social.es\/InternetRSS\/Internet&#038;nodo=34975\"><img decoding=\"async\" class=\"rss-widget-icon\" style=\"border:0\" width=\"14\" height=\"14\" src=\"https:\/\/assessorialaselva.com\/es\/wp-includes\/images\/rss.png\" alt=\"RSS\" loading=\"lazy\" \/><\/a> <a class=\"rsswidget rss-widget-title\" href=\"\">NOVEDADES DE SEGURIDAD SOCIAL<\/a><\/h3><\/div><\/div><\/div><\/div><\/div><div id=\"pg-1125-4\"  class=\"panel-grid panel-has-style\" ><div class=\"siteorigin-panels-stretch panel-row-style panel-row-style-for-1125-4\" style=\"background-image: url(https:\/\/assessorialaselva.com\/es\/wp-content\/uploads\/sites\/3\/2015\/09\/Contact_us-1024x683.jpg);padding: 75px 0; \" data-stretch-type=\"full-stretched\" data-hasbg=\"hasbg\" data-overlay=\"true\" data-overlay-color=\"#000000\" ><div id=\"pgc-1125-4-0\"  class=\"panel-grid-cell\" ><div id=\"panel-1125-4-0-0\" class=\"so-panel widget widget_sow-editor panel-first-child panel-last-child\" data-index=\"18\" ><div style=\"text-align: left;\" data-title-color=\"#443f3f\" data-headings-color=\"#443f3f\" class=\"panel-widget-style panel-widget-style-for-1125-4-0-0\" ><div\n\t\t\t\n\t\t\tclass=\"so-widget-sow-editor so-widget-sow-editor-base\"\n\t\t\t\n\t\t>\n<div class=\"siteorigin-widget-tinymce textwidget\">\n\t<h2 style=\"text-align: center;\"><span style=\"color: #ffffff;\">\u00bfTienes alguna duda? Cont\u00e1ctanos<\/span><\/h2>\n<\/div>\n<\/div><\/div><\/div><\/div><\/div><\/div><div id=\"pg-1125-5\"  class=\"panel-grid panel-has-style\" ><div style=\"padding: 25px 0; \" data-overlay=\"true\" data-overlay-color=\"#000000\" class=\"panel-row-style panel-row-style-for-1125-5\" ><div id=\"pgc-1125-5-0\"  class=\"panel-grid-cell\" ><div id=\"panel-1125-5-0-0\" class=\"so-panel widget widget_sow-editor panel-first-child panel-last-child\" data-index=\"19\" ><div style=\"text-align: left;\" data-title-color=\"#443f3f\" data-headings-color=\"#443f3f\" class=\"panel-widget-style panel-widget-style-for-1125-5-0-0\" ><div\n\t\t\t\n\t\t\tclass=\"so-widget-sow-editor so-widget-sow-editor-base\"\n\t\t\t\n\t\t>\n<div class=\"siteorigin-widget-tinymce textwidget\">\n\t<p style=\"text-align: center;\">\n<div class=\"wpcf7 no-js\" id=\"wpcf7-f2570-o1\" lang=\"es-ES\" dir=\"ltr\">\n<div class=\"screen-reader-response\"><p role=\"status\" aria-live=\"polite\" aria-atomic=\"true\"><\/p> <ul><\/ul><\/div>\n<form action=\"\/es\/wp-json\/wp\/v2\/pages\/1125#wpcf7-f2570-o1\" method=\"post\" class=\"wpcf7-form init wpcf7-acceptance-as-validation\" aria-label=\"Formulario de contacto\" enctype=\"multipart\/form-data\" novalidate=\"novalidate\" data-status=\"init\">\n<div style=\"display: none;\">\n<input type=\"hidden\" name=\"_wpcf7\" value=\"2570\" \/>\n<input type=\"hidden\" name=\"_wpcf7_version\" value=\"5.9.3\" \/>\n<input type=\"hidden\" name=\"_wpcf7_locale\" value=\"es_ES\" \/>\n<input type=\"hidden\" name=\"_wpcf7_unit_tag\" value=\"wpcf7-f2570-o1\" \/>\n<input type=\"hidden\" name=\"_wpcf7_container_post\" value=\"0\" \/>\n<input type=\"hidden\" name=\"_wpcf7_posted_data_hash\" value=\"\" \/>\n<\/div>\n<div class=\"one-half\">\n\t<p><label> <span class=\"wpcf7-form-control-wrap\" data-name=\"your-name\"><input size=\"40\" class=\"wpcf7-form-control wpcf7-text wpcf7-validates-as-required\" aria-required=\"true\" aria-invalid=\"false\" placeholder=\"Nombre y Apellido\" value=\"\" type=\"text\" name=\"your-name\" \/><\/span> <\/label>\n\t<\/p>\n<\/div>\n<div class=\"one-half last\">\n\t<p><label> <span class=\"wpcf7-form-control-wrap\" data-name=\"your-email\"><input size=\"40\" class=\"wpcf7-form-control wpcf7-email wpcf7-validates-as-required wpcf7-text wpcf7-validates-as-email\" aria-required=\"true\" aria-invalid=\"false\" placeholder=\"Email\" value=\"\" type=\"email\" name=\"your-email\" \/><\/span> <\/label>\n\t<\/p>\n<\/div>\n<div class=\"one-half\">\n\t<p><label> <span class=\"wpcf7-form-control-wrap\" data-name=\"your-subject\"><input size=\"40\" class=\"wpcf7-form-control wpcf7-text\" aria-invalid=\"false\" placeholder=\"Asunto\" value=\"\" type=\"text\" name=\"your-subject\" \/><\/span> <\/label>\n\t<\/p>\n<\/div>\n<div class=\"one-half last\">\n\t<p><label> <span class=\"wpcf7-form-control-wrap\" data-name=\"tel-474\"><input size=\"40\" class=\"wpcf7-form-control wpcf7-tel wpcf7-text wpcf7-validates-as-tel\" aria-invalid=\"false\" placeholder=\"Tel\u00e9fono\" value=\"\" type=\"tel\" name=\"tel-474\" \/><\/span> <\/label>\n\t<\/p>\n<\/div>\n<p><label> <span class=\"wpcf7-form-control-wrap\" data-name=\"your-message\"><textarea cols=\"40\" rows=\"10\" class=\"wpcf7-form-control wpcf7-textarea\" aria-invalid=\"false\" placeholder=\"Mensaje\" name=\"your-message\"><\/textarea><\/span> <\/label>\n<\/p>\n<p><label> <span class=\"wpcf7-form-control-wrap\" data-name=\"acceptance-983\"><span class=\"wpcf7-form-control wpcf7-acceptance\"><span class=\"wpcf7-list-item\"><label><input type=\"checkbox\" name=\"acceptance-983\" value=\"1\" aria-invalid=\"false\" \/><span class=\"wpcf7-list-item-label\">Acepto las clausulas de  <a href=\"https:\/\/assessorialaselva.com\/politica-de-privacitat\/\">Pol\u00edtica de Privacidad<\/a><\/span><\/label><\/span><\/span><\/span><\/label>\n<\/p>\n<p><label> <span class=\"wpcf7-form-control-wrap\" data-name=\"file-104\"><input size=\"40\" class=\"wpcf7-form-control wpcf7-file\" accept=\"audio\/*,video\/*,image\/*\" aria-invalid=\"false\" type=\"file\" name=\"file-104\" \/><\/span><\/label>\n<\/p>\n<p><input class=\"wpcf7-form-control wpcf7-submit has-spinner\" type=\"submit\" value=\"Enviar\" \/>\n<\/p><p style=\"display: none !important;\" class=\"akismet-fields-container\" data-prefix=\"_wpcf7_ak_\"><label>&#916;<textarea name=\"_wpcf7_ak_hp_textarea\" cols=\"45\" rows=\"8\" maxlength=\"100\"><\/textarea><\/label><input type=\"hidden\" id=\"ak_js_1\" name=\"_wpcf7_ak_js\" value=\"210\"\/><script>document.getElementById( \"ak_js_1\" ).setAttribute( \"value\", ( new Date() ).getTime() );<\/script><\/p><div class=\"wpcf7-response-output\" aria-hidden=\"true\"><\/div>\n<\/form>\n<\/div>\n<\/p>\n<\/div>\n<\/div><\/div><\/div><\/div><\/div><\/div><\/div>","protected":false},"excerpt":{"rendered":"<p>Toda empresa depende de sus trabajadores como los trabajadores de la empresa. Nuestro equipo pone todas las herramientas necesarias para forjar una [&hellip;]<\/p>\n","protected":false},"author":1,"featured_media":0,"parent":0,"menu_order":0,"comment_status":"closed","ping_status":"closed","template":"page-templates\/page_front-page.php","meta":{"footnotes":""},"class_list":["post-1125","page","type-page","status-publish","hentry"],"yoast_head":"<!-- This site is optimized with the Yoast SEO plugin v22.3 - https:\/\/yoast.com\/wordpress\/plugins\/seo\/ -->\n<title>ASESORAMIENTO LABORAL Y RRHH - SU GESTOR\u00cdA DE CONFIANZA<\/title>\n<meta name=\"description\" content=\"Consultor\u00eda, Fiscal, Laboral, Contable, Mercantil y Seguros. Assessoria la Selva posa a la seva disposici\u00f3 un servei integral d\u2019assessorament, amb la garantia que la seva empresa es trobar\u00e0 protegida en qualsevol \u00e0mbit tributari, fiscal, comptable, laboral, etc. Ens caracteritzem per oferir una atenci\u00f3 personalitzada i adaptada a les noves tecnologies, oferint un servei individualitzat, exemplar a m\u00e9s a m\u00e9s de l&#039;experi\u00e8ncia, el coneixement del negoci i la formaci\u00f3 cont\u00ednua. El conjunt d\u2019aquets factors ens permeten proporcionar un servei global immillorable.\" \/>\n<meta name=\"robots\" content=\"index, follow, max-snippet:-1, max-image-preview:large, max-video-preview:-1\" \/>\n<link rel=\"canonical\" href=\"https:\/\/assessorialaselva.com\/es\/asasesoramiento-laboral-y-rrhh\/\" \/>\n<meta property=\"og:locale\" content=\"es_ES\" \/>\n<meta property=\"og:type\" content=\"article\" \/>\n<meta property=\"og:title\" content=\"ASESORAMIENTO LABORAL Y RRHH - SU GESTOR\u00cdA DE CONFIANZA\" \/>\n<meta property=\"og:description\" content=\"Consultor\u00eda, Fiscal, Laboral, Contable, Mercantil y Seguros. Assessoria la Selva posa a la seva disposici\u00f3 un servei integral d\u2019assessorament, amb la garantia que la seva empresa es trobar\u00e0 protegida en qualsevol \u00e0mbit tributari, fiscal, comptable, laboral, etc. Ens caracteritzem per oferir una atenci\u00f3 personalitzada i adaptada a les noves tecnologies, oferint un servei individualitzat, exemplar a m\u00e9s a m\u00e9s de l&#039;experi\u00e8ncia, el coneixement del negoci i la formaci\u00f3 cont\u00ednua. El conjunt d\u2019aquets factors ens permeten proporcionar un servei global immillorable.\" \/>\n<meta property=\"og:url\" content=\"https:\/\/assessorialaselva.com\/es\/asasesoramiento-laboral-y-rrhh\/\" \/>\n<meta property=\"og:site_name\" content=\"SU GESTOR\u00cdA DE CONFIANZA\" \/>\n<meta property=\"article:modified_time\" content=\"2021-11-26T17:45:38+00:00\" \/>\n<meta name=\"twitter:card\" content=\"summary_large_image\" \/>\n<meta name=\"twitter:label1\" content=\"Tiempo de lectura\" \/>\n\t<meta name=\"twitter:data1\" content=\"5 minutos\" \/>\n<script type=\"application\/ld+json\" class=\"yoast-schema-graph\">{\"@context\":\"https:\/\/schema.org\",\"@graph\":[{\"@type\":\"WebPage\",\"@id\":\"https:\/\/assessorialaselva.com\/es\/asasesoramiento-laboral-y-rrhh\/\",\"url\":\"https:\/\/assessorialaselva.com\/es\/asasesoramiento-laboral-y-rrhh\/\",\"name\":\"ASESORAMIENTO LABORAL Y RRHH - SU GESTOR\u00cdA DE CONFIANZA\",\"isPartOf\":{\"@id\":\"https:\/\/assessorialaselva.com\/es\/#website\"},\"datePublished\":\"2017-11-15T10:14:37+00:00\",\"dateModified\":\"2021-11-26T17:45:38+00:00\",\"description\":\"Consultor\u00eda, Fiscal, Laboral, Contable, Mercantil y Seguros. Assessoria la Selva posa a la seva disposici\u00f3 un servei integral d\u2019assessorament, amb la garantia que la seva empresa es trobar\u00e0 protegida en qualsevol \u00e0mbit tributari, fiscal, comptable, laboral, etc. Ens caracteritzem per oferir una atenci\u00f3 personalitzada i adaptada a les noves tecnologies, oferint un servei individualitzat, exemplar a m\u00e9s a m\u00e9s de l'experi\u00e8ncia, el coneixement del negoci i la formaci\u00f3 cont\u00ednua. El conjunt d\u2019aquets factors ens permeten proporcionar un servei global immillorable.\",\"breadcrumb\":{\"@id\":\"https:\/\/assessorialaselva.com\/es\/asasesoramiento-laboral-y-rrhh\/#breadcrumb\"},\"inLanguage\":\"es\",\"potentialAction\":[{\"@type\":\"ReadAction\",\"target\":[\"https:\/\/assessorialaselva.com\/es\/asasesoramiento-laboral-y-rrhh\/\"]}]},{\"@type\":\"BreadcrumbList\",\"@id\":\"https:\/\/assessorialaselva.com\/es\/asasesoramiento-laboral-y-rrhh\/#breadcrumb\",\"itemListElement\":[{\"@type\":\"ListItem\",\"position\":1,\"name\":\"Inici\",\"item\":\"https:\/\/assessorialaselva.com\/es\/\"},{\"@type\":\"ListItem\",\"position\":2,\"name\":\"ASESORAMIENTO LABORAL Y RRHH\"}]},{\"@type\":\"WebSite\",\"@id\":\"https:\/\/assessorialaselva.com\/es\/#website\",\"url\":\"https:\/\/assessorialaselva.com\/es\/\",\"name\":\"SU GESTOR\u00cdA DE CONFIANZA\",\"description\":\"Consultor\u00eda, Fiscal, Laboral, Contable, Mercantil y Seguros en Lloret de Mar\",\"potentialAction\":[{\"@type\":\"SearchAction\",\"target\":{\"@type\":\"EntryPoint\",\"urlTemplate\":\"https:\/\/assessorialaselva.com\/es\/?s={search_term_string}\"},\"query-input\":\"required name=search_term_string\"}],\"inLanguage\":\"es\"}]}<\/script>\n<!-- \/ Yoast SEO plugin. -->","yoast_head_json":{"title":"ASESORAMIENTO LABORAL Y RRHH - SU GESTOR\u00cdA DE CONFIANZA","description":"Consultor\u00eda, Fiscal, Laboral, Contable, Mercantil y Seguros. Assessoria la Selva posa a la seva disposici\u00f3 un servei integral d\u2019assessorament, amb la garantia que la seva empresa es trobar\u00e0 protegida en qualsevol \u00e0mbit tributari, fiscal, comptable, laboral, etc. Ens caracteritzem per oferir una atenci\u00f3 personalitzada i adaptada a les noves tecnologies, oferint un servei individualitzat, exemplar a m\u00e9s a m\u00e9s de l'experi\u00e8ncia, el coneixement del negoci i la formaci\u00f3 cont\u00ednua. El conjunt d\u2019aquets factors ens permeten proporcionar un servei global immillorable.","robots":{"index":"index","follow":"follow","max-snippet":"max-snippet:-1","max-image-preview":"max-image-preview:large","max-video-preview":"max-video-preview:-1"},"canonical":"https:\/\/assessorialaselva.com\/es\/asasesoramiento-laboral-y-rrhh\/","og_locale":"es_ES","og_type":"article","og_title":"ASESORAMIENTO LABORAL Y RRHH - SU GESTOR\u00cdA DE CONFIANZA","og_description":"Consultor\u00eda, Fiscal, Laboral, Contable, Mercantil y Seguros. Assessoria la Selva posa a la seva disposici\u00f3 un servei integral d\u2019assessorament, amb la garantia que la seva empresa es trobar\u00e0 protegida en qualsevol \u00e0mbit tributari, fiscal, comptable, laboral, etc. Ens caracteritzem per oferir una atenci\u00f3 personalitzada i adaptada a les noves tecnologies, oferint un servei individualitzat, exemplar a m\u00e9s a m\u00e9s de l'experi\u00e8ncia, el coneixement del negoci i la formaci\u00f3 cont\u00ednua. El conjunt d\u2019aquets factors ens permeten proporcionar un servei global immillorable.","og_url":"https:\/\/assessorialaselva.com\/es\/asasesoramiento-laboral-y-rrhh\/","og_site_name":"SU GESTOR\u00cdA DE CONFIANZA","article_modified_time":"2021-11-26T17:45:38+00:00","twitter_card":"summary_large_image","twitter_misc":{"Tiempo de lectura":"5 minutos"},"schema":{"@context":"https:\/\/schema.org","@graph":[{"@type":"WebPage","@id":"https:\/\/assessorialaselva.com\/es\/asasesoramiento-laboral-y-rrhh\/","url":"https:\/\/assessorialaselva.com\/es\/asasesoramiento-laboral-y-rrhh\/","name":"ASESORAMIENTO LABORAL Y RRHH - SU GESTOR\u00cdA DE CONFIANZA","isPartOf":{"@id":"https:\/\/assessorialaselva.com\/es\/#website"},"datePublished":"2017-11-15T10:14:37+00:00","dateModified":"2021-11-26T17:45:38+00:00","description":"Consultor\u00eda, Fiscal, Laboral, Contable, Mercantil y Seguros. Assessoria la Selva posa a la seva disposici\u00f3 un servei integral d\u2019assessorament, amb la garantia que la seva empresa es trobar\u00e0 protegida en qualsevol \u00e0mbit tributari, fiscal, comptable, laboral, etc. Ens caracteritzem per oferir una atenci\u00f3 personalitzada i adaptada a les noves tecnologies, oferint un servei individualitzat, exemplar a m\u00e9s a m\u00e9s de l'experi\u00e8ncia, el coneixement del negoci i la formaci\u00f3 cont\u00ednua. El conjunt d\u2019aquets factors ens permeten proporcionar un servei global immillorable.","breadcrumb":{"@id":"https:\/\/assessorialaselva.com\/es\/asasesoramiento-laboral-y-rrhh\/#breadcrumb"},"inLanguage":"es","potentialAction":[{"@type":"ReadAction","target":["https:\/\/assessorialaselva.com\/es\/asasesoramiento-laboral-y-rrhh\/"]}]},{"@type":"BreadcrumbList","@id":"https:\/\/assessorialaselva.com\/es\/asasesoramiento-laboral-y-rrhh\/#breadcrumb","itemListElement":[{"@type":"ListItem","position":1,"name":"Inici","item":"https:\/\/assessorialaselva.com\/es\/"},{"@type":"ListItem","position":2,"name":"ASESORAMIENTO LABORAL Y RRHH"}]},{"@type":"WebSite","@id":"https:\/\/assessorialaselva.com\/es\/#website","url":"https:\/\/assessorialaselva.com\/es\/","name":"SU GESTOR\u00cdA DE CONFIANZA","description":"Consultor\u00eda, Fiscal, Laboral, Contable, Mercantil y Seguros en Lloret de Mar","potentialAction":[{"@type":"SearchAction","target":{"@type":"EntryPoint","urlTemplate":"https:\/\/assessorialaselva.com\/es\/?s={search_term_string}"},"query-input":"required name=search_term_string"}],"inLanguage":"es"}]}},"_links":{"self":[{"href":"https:\/\/assessorialaselva.com\/es\/wp-json\/wp\/v2\/pages\/1125","targetHints":{"allow":["GET"]}}],"collection":[{"href":"https:\/\/assessorialaselva.com\/es\/wp-json\/wp\/v2\/pages"}],"about":[{"href":"https:\/\/assessorialaselva.com\/es\/wp-json\/wp\/v2\/types\/page"}],"author":[{"embeddable":true,"href":"https:\/\/assessorialaselva.com\/es\/wp-json\/wp\/v2\/users\/1"}],"replies":[{"embeddable":true,"href":"https:\/\/assessorialaselva.com\/es\/wp-json\/wp\/v2\/comments?post=1125"}],"version-history":[{"count":13,"href":"https:\/\/assessorialaselva.com\/es\/wp-json\/wp\/v2\/pages\/1125\/revisions"}],"predecessor-version":[{"id":2704,"href":"https:\/\/assessorialaselva.com\/es\/wp-json\/wp\/v2\/pages\/1125\/revisions\/2704"}],"wp:attachment":[{"href":"https:\/\/assessorialaselva.com\/es\/wp-json\/wp\/v2\/media?parent=1125"}],"curies":[{"name":"wp","href":"https:\/\/api.w.org\/{rel}","templated":true}]}}